{"id":11,"date":"2015-05-23T21:43:11","date_gmt":"2015-05-23T21:43:11","guid":{"rendered":"http:\/\/mariageavotreimage.com\/?page_id=11"},"modified":"2024-09-19T20:21:00","modified_gmt":"2024-09-19T20:21:00","slug":"mariage-civil","status":"publish","type":"page","link":"http:\/\/mariageavotreimage.com\/index.php\/mariage-civil\/","title":{"rendered":"Mariage civil"},"content":{"rendered":"<h1><span style=\"color: #808080;\"><span style=\"color: #333333;\"><img fetchpriority=\"high\" decoding=\"async\" class=\"wp-image-218 size-full alignleft\" src=\"http:\/\/mariageavotreimage.com\/wp-content\/uploads\/2015\/05\/Mariage-civil-2.jpg\" alt=\"Mariage civil (2)\" width=\"200\" height=\"292\" \/><\/span><\/span><\/h1>\n<p>Pour plusieurs, l\u2019engagement d\u2019une personne envers une autre se concr\u00e9tise par la c\u00e9l\u00e9bration d\u2019un mariage.<\/p>\n<p>Qu\u2019il s\u2019agisse de votre premier engagement ou non, que votre partenaire\u00a0et\u00a0vous soyez de\u00a0croyances religieuses diff\u00e9rentes, il vous est permis de r\u00e9aliser une c\u00e9l\u00e9bration l\u00e9gale et spirituelle de votre mariage\u00a0 qui soit \u00e0 la mesure de vos attentes, selon votre choix personnel et convictions spirituelles.<\/p>\n<p>Cette c\u00e9l\u00e9bration unique rev\u00eat une grande importance puisque c\u2019est l\u2019occasion, pour les deux \u00eatres concern\u00e9s de d\u00e9clarer solennellement et publiquement leur amour.<\/p>\n<p>Ensemble, nous pr\u00e9parerons votre c\u00e9r\u00e9monie de mariage \u00e0 l\u2019endroit de votre choix, que ce soit dans un lieu champ\u00eatre, pr\u00e8s d\u2019un lac, dans votre jardin ou une salle de r\u00e9ception, nous nous d\u00e9pla\u00e7ons pour faire de votre journ\u00e9e un moment inoubliable.<\/p>\n<p>Nous prenons soin\u00a0de toute la partie l\u00e9gale et nous enregistrons votre mariage aupr\u00e8s du directeur de\u00a0<a href=\"http:\/\/www.etatcivil.gouv.qc.ca\/\">l\u2019\u00c9tat civil du Qu\u00e9bec<\/a><\/p>\n<p>Enfin, nous tenons \u00e0 exprimer ouvertement cette merveilleuse sensation d\u2019unir l\u2019amour et de voir le bonheur et surtout la franchise de ces sentiments qui sont couronn\u00e9s\u00a0par ces merveilleux moments.<\/p>\n<p>Le mariage est de dire oui \u00e0 l\u2019amour, au partage, \u00e0 l\u2019\u00e9coute de l\u2019autre. C\u2019est aussi de s\u2019unir dans sa diff\u00e9rence afin de former une union rayonnante.<\/p>\n<p>&nbsp;<\/p>\n<p>&nbsp;<\/p>\n","protected":false},"excerpt":{"rendered":"<p>Pour plusieurs, l\u2019engagement d\u2019une personne envers une autre se concr\u00e9tise par la c\u00e9l\u00e9bration d\u2019un mariage. Qu\u2019il s\u2019agisse de votre premier engagement ou non, que votre partenaire\u00a0et\u00a0vous soyez de\u00a0croyances religieuses diff\u00e9rentes, il vous est permis de r\u00e9aliser une c\u00e9l\u00e9bration l\u00e9gale et [&hellip;]<\/p>\n","protected":false},"author":1,"featured_media":0,"parent":0,"menu_order":0,"comment_status":"closed","ping_status":"closed","template":"","meta":{"footnotes":""},"class_list":["post-11","page","type-page","status-publish","hentry"],"yoast_head":"<!-- This site is optimized with the Yoast SEO plugin v23.2 - https:\/\/yoast.com\/wordpress\/plugins\/seo\/ -->\n<title>418 932-6399 Mariage civil Qu\u00e9bec<\/title>\n<meta name=\"description\" content=\"Mariage civil, Mariage religieux qu\u00e9bec,Mariage civil Qu\u00e9bec, c\u00e9l\u00e9brant mariage, C\u00e9l\u00e9brant de mariage, C\u00e9l\u00e9brant mariage Qu\u00e9bec, c\u00e9l\u00e9brant mariage civil\" \/>\n<meta name=\"robots\" content=\"index, follow, max-snippet:-1, max-image-preview:large, max-video-preview:-1\" \/>\n<link rel=\"canonical\" href=\"http:\/\/mariageavotreimage.com\/index.php\/mariage-civil\/\" \/>\n<meta property=\"og:locale\" content=\"fr_CA\" \/>\n<meta property=\"og:type\" content=\"article\" \/>\n<meta property=\"og:title\" content=\"418 932-6399 Mariage civil Qu\u00e9bec\" \/>\n<meta property=\"og:description\" content=\"Mariage civil, Mariage religieux qu\u00e9bec,Mariage civil Qu\u00e9bec, c\u00e9l\u00e9brant mariage, C\u00e9l\u00e9brant de mariage, C\u00e9l\u00e9brant mariage Qu\u00e9bec, c\u00e9l\u00e9brant mariage civil\" \/>\n<meta property=\"og:url\" content=\"http:\/\/mariageavotreimage.com\/index.php\/mariage-civil\/\" \/>\n<meta property=\"og:site_name\" content=\"C\u00e9l\u00e9brant mariage Qu\u00e9bec\" \/>\n<meta property=\"article:publisher\" content=\"https:\/\/www.facebook.com\/mariage.avotreimage?fref=ts\" \/>\n<meta property=\"article:modified_time\" content=\"2024-09-19T20:21:00+00:00\" \/>\n<meta property=\"og:image\" content=\"http:\/\/mariageavotreimage.com\/wp-content\/uploads\/2015\/05\/Mariage-civil-2.jpg\" \/>\n<meta name=\"twitter:card\" content=\"summary_large_image\" \/>\n<meta name=\"twitter:site\" content=\"@celebranmariage\" \/>\n<meta name=\"twitter:label1\" content=\"Estimation du temps de lecture\" \/>\n\t<meta name=\"twitter:data1\" content=\"2 minutes\" \/>\n<script type=\"application\/ld+json\" class=\"yoast-schema-graph\">{\"@context\":\"https:\/\/schema.org\",\"@graph\":[{\"@type\":\"WebPage\",\"@id\":\"http:\/\/mariageavotreimage.com\/index.php\/mariage-civil\/\",\"url\":\"http:\/\/mariageavotreimage.com\/index.php\/mariage-civil\/\",\"name\":\"418 932-6399 Mariage civil Qu\u00e9bec\",\"isPartOf\":{\"@id\":\"https:\/\/mariageavotreimage.com\/#website\"},\"primaryImageOfPage\":{\"@id\":\"http:\/\/mariageavotreimage.com\/index.php\/mariage-civil\/#primaryimage\"},\"image\":{\"@id\":\"http:\/\/mariageavotreimage.com\/index.php\/mariage-civil\/#primaryimage\"},\"thumbnailUrl\":\"http:\/\/mariageavotreimage.com\/wp-content\/uploads\/2015\/05\/Mariage-civil-2.jpg\",\"datePublished\":\"2015-05-23T21:43:11+00:00\",\"dateModified\":\"2024-09-19T20:21:00+00:00\",\"description\":\"Mariage civil, Mariage religieux qu\u00e9bec,Mariage civil Qu\u00e9bec, c\u00e9l\u00e9brant mariage, C\u00e9l\u00e9brant de mariage, C\u00e9l\u00e9brant mariage Qu\u00e9bec, c\u00e9l\u00e9brant mariage civil\",\"breadcrumb\":{\"@id\":\"http:\/\/mariageavotreimage.com\/index.php\/mariage-civil\/#breadcrumb\"},\"inLanguage\":\"fr-CA\",\"potentialAction\":[{\"@type\":\"ReadAction\",\"target\":[\"http:\/\/mariageavotreimage.com\/index.php\/mariage-civil\/\"]}]},{\"@type\":\"ImageObject\",\"inLanguage\":\"fr-CA\",\"@id\":\"http:\/\/mariageavotreimage.com\/index.php\/mariage-civil\/#primaryimage\",\"url\":\"http:\/\/mariageavotreimage.com\/wp-content\/uploads\/2015\/05\/Mariage-civil-2.jpg\",\"contentUrl\":\"http:\/\/mariageavotreimage.com\/wp-content\/uploads\/2015\/05\/Mariage-civil-2.jpg\"},{\"@type\":\"BreadcrumbList\",\"@id\":\"http:\/\/mariageavotreimage.com\/index.php\/mariage-civil\/#breadcrumb\",\"itemListElement\":[{\"@type\":\"ListItem\",\"position\":1,\"name\":\"Home\",\"item\":\"https:\/\/mariageavotreimage.com\/\"},{\"@type\":\"ListItem\",\"position\":2,\"name\":\"Mariage civil\"}]},{\"@type\":\"WebSite\",\"@id\":\"https:\/\/mariageavotreimage.com\/#website\",\"url\":\"https:\/\/mariageavotreimage.com\/\",\"name\":\"C\u00e9l\u00e9brant mariage Qu\u00e9bec\",\"description\":\"C\u00e9l\u00e9brant mariage\",\"potentialAction\":[{\"@type\":\"SearchAction\",\"target\":{\"@type\":\"EntryPoint\",\"urlTemplate\":\"https:\/\/mariageavotreimage.com\/?s={search_term_string}\"},\"query-input\":\"required name=search_term_string\"}],\"inLanguage\":\"fr-CA\"}]}<\/script>\n<!-- \/ Yoast SEO plugin. -->","yoast_head_json":{"title":"418 932-6399 Mariage civil Qu\u00e9bec","description":"Mariage civil, Mariage religieux qu\u00e9bec,Mariage civil Qu\u00e9bec, c\u00e9l\u00e9brant mariage, C\u00e9l\u00e9brant de mariage, C\u00e9l\u00e9brant mariage Qu\u00e9bec, c\u00e9l\u00e9brant mariage civil","robots":{"index":"index","follow":"follow","max-snippet":"max-snippet:-1","max-image-preview":"max-image-preview:large","max-video-preview":"max-video-preview:-1"},"canonical":"http:\/\/mariageavotreimage.com\/index.php\/mariage-civil\/","og_locale":"fr_CA","og_type":"article","og_title":"418 932-6399 Mariage civil Qu\u00e9bec","og_description":"Mariage civil, Mariage religieux qu\u00e9bec,Mariage civil Qu\u00e9bec, c\u00e9l\u00e9brant mariage, C\u00e9l\u00e9brant de mariage, C\u00e9l\u00e9brant mariage Qu\u00e9bec, c\u00e9l\u00e9brant mariage civil","og_url":"http:\/\/mariageavotreimage.com\/index.php\/mariage-civil\/","og_site_name":"C\u00e9l\u00e9brant mariage Qu\u00e9bec","article_publisher":"https:\/\/www.facebook.com\/mariage.avotreimage?fref=ts","article_modified_time":"2024-09-19T20:21:00+00:00","og_image":[{"url":"http:\/\/mariageavotreimage.com\/wp-content\/uploads\/2015\/05\/Mariage-civil-2.jpg"}],"twitter_card":"summary_large_image","twitter_site":"@celebranmariage","twitter_misc":{"Estimation du temps de lecture":"2 minutes"},"schema":{"@context":"https:\/\/schema.org","@graph":[{"@type":"WebPage","@id":"http:\/\/mariageavotreimage.com\/index.php\/mariage-civil\/","url":"http:\/\/mariageavotreimage.com\/index.php\/mariage-civil\/","name":"418 932-6399 Mariage civil Qu\u00e9bec","isPartOf":{"@id":"https:\/\/mariageavotreimage.com\/#website"},"primaryImageOfPage":{"@id":"http:\/\/mariageavotreimage.com\/index.php\/mariage-civil\/#primaryimage"},"image":{"@id":"http:\/\/mariageavotreimage.com\/index.php\/mariage-civil\/#primaryimage"},"thumbnailUrl":"http:\/\/mariageavotreimage.com\/wp-content\/uploads\/2015\/05\/Mariage-civil-2.jpg","datePublished":"2015-05-23T21:43:11+00:00","dateModified":"2024-09-19T20:21:00+00:00","description":"Mariage civil, Mariage religieux qu\u00e9bec,Mariage civil Qu\u00e9bec, c\u00e9l\u00e9brant mariage, C\u00e9l\u00e9brant de mariage, C\u00e9l\u00e9brant mariage Qu\u00e9bec, c\u00e9l\u00e9brant mariage civil","breadcrumb":{"@id":"http:\/\/mariageavotreimage.com\/index.php\/mariage-civil\/#breadcrumb"},"inLanguage":"fr-CA","potentialAction":[{"@type":"ReadAction","target":["http:\/\/mariageavotreimage.com\/index.php\/mariage-civil\/"]}]},{"@type":"ImageObject","inLanguage":"fr-CA","@id":"http:\/\/mariageavotreimage.com\/index.php\/mariage-civil\/#primaryimage","url":"http:\/\/mariageavotreimage.com\/wp-content\/uploads\/2015\/05\/Mariage-civil-2.jpg","contentUrl":"http:\/\/mariageavotreimage.com\/wp-content\/uploads\/2015\/05\/Mariage-civil-2.jpg"},{"@type":"BreadcrumbList","@id":"http:\/\/mariageavotreimage.com\/index.php\/mariage-civil\/#breadcrumb","itemListElement":[{"@type":"ListItem","position":1,"name":"Home","item":"https:\/\/mariageavotreimage.com\/"},{"@type":"ListItem","position":2,"name":"Mariage civil"}]},{"@type":"WebSite","@id":"https:\/\/mariageavotreimage.com\/#website","url":"https:\/\/mariageavotreimage.com\/","name":"C\u00e9l\u00e9brant mariage Qu\u00e9bec","description":"C\u00e9l\u00e9brant mariage","potentialAction":[{"@type":"SearchAction","target":{"@type":"EntryPoint","urlTemplate":"https:\/\/mariageavotreimage.com\/?s={search_term_string}"},"query-input":"required name=search_term_string"}],"inLanguage":"fr-CA"}]}},"_links":{"self":[{"href":"http:\/\/mariageavotreimage.com\/index.php\/wp-json\/wp\/v2\/pages\/11"}],"collection":[{"href":"http:\/\/mariageavotreimage.com\/index.php\/wp-json\/wp\/v2\/pages"}],"about":[{"href":"http:\/\/mariageavotreimage.com\/index.php\/wp-json\/wp\/v2\/types\/page"}],"author":[{"embeddable":true,"href":"http:\/\/mariageavotreimage.com\/index.php\/wp-json\/wp\/v2\/users\/1"}],"replies":[{"embeddable":true,"href":"http:\/\/mariageavotreimage.com\/index.php\/wp-json\/wp\/v2\/comments?post=11"}],"version-history":[{"count":11,"href":"http:\/\/mariageavotreimage.com\/index.php\/wp-json\/wp\/v2\/pages\/11\/revisions"}],"predecessor-version":[{"id":3682,"href":"http:\/\/mariageavotreimage.com\/index.php\/wp-json\/wp\/v2\/pages\/11\/revisions\/3682"}],"wp:attachment":[{"href":"http:\/\/mariageavotreimage.com\/index.php\/wp-json\/wp\/v2\/media?parent=11"}],"curies":[{"name":"wp","href":"https:\/\/api.w.org\/{rel}","templated":true}]}}