{"id":274,"date":"2015-10-11T21:55:54","date_gmt":"2015-10-11T21:55:54","guid":{"rendered":"http:\/\/mariageavotreimage.com\/?page_id=274"},"modified":"2024-07-15T02:11:35","modified_gmt":"2024-07-15T02:11:35","slug":"celebrant-mariage-quebec-2","status":"publish","type":"page","link":"http:\/\/mariageavotreimage.com\/index.php\/celebrant-mariage-quebec-2\/","title":{"rendered":"C\u00e9l\u00e9brant mariage qu\u00e9bec"},"content":{"rendered":"<h1 style=\"text-align: center;\"><strong>C\u00e9l\u00e9brant mariage Qu\u00e9bec<\/strong><\/h1>\n<p>Que ce soit pour votre mariage, la planification d\u2019un bapt\u00eame, un\u00a0renouvellement\u00a0de v\u0153ux, des fian\u00e7ailles, une liturgie de la parole personnalis\u00e9e\u00a0\u00e0 votre image,\u00a0sachez que c\u2019est un grand moment de votre vie et qu\u2019il vous\u00a0appartient avec\u00a0nous de le pr\u00e9parer avec le plus grand soin.<\/p>\n<p>Coordonnatrice Montr\u00e9al Qu\u00e9bec et leurs environs: R\u00e9v. Johanne B\u00e9rub\u00e9<\/p>\n<p>T\u00e9l\u00e9phone :<strong>418 932-6399<\/strong><\/p>\n<p>Courriel :<strong><a href=\"mailto:mavi@revjohanneberube.com\">mavi@revjohanneberube.com<\/a><\/strong><\/p>\n<p><a href=\"http:\/\/mariageavotreimage.com\/wp-content\/uploads\/2015\/06\/celebrant-mariage33.jpg\"><img decoding=\"async\" class=\"alignnone size-thumbnail wp-image-251 alignleft\" src=\"http:\/\/mariageavotreimage.com\/wp-content\/uploads\/2015\/06\/celebrant-mariage33-150x150.jpg\" alt=\"celebrant mariage33\" width=\"150\" height=\"150\" \/><\/a> <a href=\"http:\/\/mariageavotreimage.com\/wp-content\/uploads\/2015\/05\/Mariage-civil-2.jpg\"><img decoding=\"async\" class=\"alignnone size-thumbnail wp-image-218\" src=\"http:\/\/mariageavotreimage.com\/wp-content\/uploads\/2015\/05\/Mariage-civil-2-150x150.jpg\" alt=\"Mariage civil (2)\" width=\"150\" height=\"150\" \/><\/a> <a href=\"http:\/\/mariageavotreimage.com\/wp-content\/uploads\/2015\/05\/noce-a-Sab-et-Alex-3-243.jpg\"><img decoding=\"async\" class=\"alignnone size-thumbnail wp-image-219\" src=\"http:\/\/mariageavotreimage.com\/wp-content\/uploads\/2015\/05\/noce-a-Sab-et-Alex-3-243-150x150.jpg\" alt=\"noce a Sab et Alex -3 243\" width=\"150\" height=\"150\" \/><\/a> <a href=\"http:\/\/mariageavotreimage.com\/wp-content\/uploads\/2015\/05\/Norma-Robin.jpg\"><img loading=\"lazy\" decoding=\"async\" class=\"alignnone size-thumbnail wp-image-220\" src=\"http:\/\/mariageavotreimage.com\/wp-content\/uploads\/2015\/05\/Norma-Robin-150x150.jpg\" alt=\"Norma &amp; Robin\" width=\"150\" height=\"150\" \/><\/a>\u00a0<img loading=\"lazy\" decoding=\"async\" class=\"alignnone size-thumbnail wp-image-157 alignleft\" src=\"http:\/\/mariageavotreimage.com\/wp-content\/uploads\/2015\/05\/slide11133-150x150.jpg\" alt=\"slide11133\" width=\"150\" height=\"150\" \/><\/p>\n<ul>\n<li><span class=\"keyword_text ng-binding\">c\u00e9l\u00e9brant mariage qu\u00e9bec<\/span><\/li>\n<li><span class=\"keyword_text ng-binding\">organiser un bapteme<\/span><\/li>\n<li><span class=\"keyword_text ng-binding\">mariage qu\u00e9bec<\/span><\/li>\n<li><span class=\"keyword_text ng-binding\">c\u00e9l\u00e9brant mariage civil<\/span><\/li>\n<li><span class=\"keyword_text ng-binding\">mariage civil c\u00e9l\u00e9brant<\/span><\/li>\n<li><span class=\"keyword_text ng-binding\">c\u00e9l\u00e9brant de mariage<\/span><\/li>\n<li><span class=\"keyword_text ng-binding\">c\u00e9l\u00e9brant mariage<\/span><\/li>\n<\/ul>\n<p><a href=\"http:\/\/mariageavotreimage.com\/wp-content\/uploads\/2015\/05\/DSC3558.jpg\"><img loading=\"lazy\" decoding=\"async\" class=\"alignnone size-thumbnail wp-image-45\" src=\"http:\/\/mariageavotreimage.com\/wp-content\/uploads\/2015\/05\/DSC3558-150x150.jpg\" alt=\"Mariage civil Qu\u00e9bec\" width=\"150\" height=\"150\" \/><\/a> \u00a0<a href=\"http:\/\/mariageavotreimage.com\/wp-content\/uploads\/2015\/05\/DSC3513.jpg\"><img loading=\"lazy\" decoding=\"async\" class=\"alignnone size-thumbnail wp-image-43\" src=\"http:\/\/mariageavotreimage.com\/wp-content\/uploads\/2015\/05\/DSC3513-150x150.jpg\" alt=\"Mariage civil\" width=\"150\" height=\"150\" \/><\/a> <a href=\"http:\/\/mariageavotreimage.com\/wp-content\/uploads\/2015\/05\/Carole_Pierre.gif\"><img loading=\"lazy\" decoding=\"async\" class=\"alignnone size-thumbnail wp-image-44\" src=\"http:\/\/mariageavotreimage.com\/wp-content\/uploads\/2015\/05\/Carole_Pierre-150x150.gif\" alt=\"Carole_Pierre\" width=\"150\" height=\"150\" \/><\/a> \u00a0<img loading=\"lazy\" decoding=\"async\" class=\"alignnone size-thumbnail wp-image-33\" src=\"http:\/\/mariageavotreimage.com\/wp-content\/uploads\/2015\/05\/Rjb-150x150.jpg\" alt=\"R\u00e9v. Johanne B\u00e9rub\u00e9 Permis # 50735 Co-fondatrice, Ministre ordonn\u00e9e et coordonnatrice de la r\u00e9gion de Qu\u00e9bec, Montr\u00e9al et les environs. Renouvellement de voeux, bapt\u00eame,fian\u00e7ailles,\" width=\"150\" height=\"150\" \/><\/p>\n<ul>\n<li><span class=\"keyword_text ng-binding\">c\u00e9l\u00e9brant qu\u00e9bec<\/span><\/li>\n<li><span class=\"keyword_text ng-binding\">mariage civil qu\u00e9bec<\/span><\/li>\n<li><span class=\"keyword_text ng-binding\">mariage civile qu\u00e9bec<\/span><\/li>\n<li><span class=\"keyword_text ng-binding\">mariage civil au qu\u00e9bec<\/span><\/li>\n<li><span class=\"keyword_text ng-binding\">c\u00e9l\u00e9bration fun\u00e9railles<\/span><\/li>\n<\/ul>\n","protected":false},"excerpt":{"rendered":"<p>C\u00e9l\u00e9brant mariage Qu\u00e9bec Que ce soit pour votre mariage, la planification d\u2019un bapt\u00eame, un\u00a0renouvellement\u00a0de v\u0153ux, des fian\u00e7ailles, une liturgie de la parole personnalis\u00e9e\u00a0\u00e0 votre image,\u00a0sachez que c\u2019est un grand moment de votre vie et qu\u2019il vous\u00a0appartient avec\u00a0nous de le pr\u00e9parer [&hellip;]<\/p>\n","protected":false},"author":1,"featured_media":0,"parent":0,"menu_order":0,"comment_status":"closed","ping_status":"closed","template":"","meta":{"footnotes":""},"class_list":["post-274","page","type-page","status-publish","hentry"],"yoast_head":"<!-- This site is optimized with the Yoast SEO plugin v23.2 - https:\/\/yoast.com\/wordpress\/plugins\/seo\/ -->\n<title>C\u00e9l\u00e9brant mariage qu\u00e9bec<\/title>\n<meta name=\"description\" content=\"418 932-6399 C\u00e9l\u00e9brant mariage qu\u00e9bec, c\u00e9l\u00e9brant mariage qu\u00e9bec, organiser un bapteme, mariage qu\u00e9bec, c\u00e9l\u00e9brant mariage civil, mariage civil c\u00e9l\u00e9brant\" \/>\n<meta name=\"robots\" content=\"index, follow, max-snippet:-1, max-image-preview:large, max-video-preview:-1\" \/>\n<link rel=\"canonical\" href=\"http:\/\/mariageavotreimage.com\/index.php\/celebrant-mariage-quebec-2\/\" \/>\n<meta property=\"og:locale\" content=\"fr_CA\" \/>\n<meta property=\"og:type\" content=\"article\" \/>\n<meta property=\"og:title\" content=\"C\u00e9l\u00e9brant mariage qu\u00e9bec\" \/>\n<meta property=\"og:description\" content=\"418 932-6399 C\u00e9l\u00e9brant mariage qu\u00e9bec, c\u00e9l\u00e9brant mariage qu\u00e9bec, organiser un bapteme, mariage qu\u00e9bec, c\u00e9l\u00e9brant mariage civil, mariage civil c\u00e9l\u00e9brant\" \/>\n<meta property=\"og:url\" content=\"http:\/\/mariageavotreimage.com\/index.php\/celebrant-mariage-quebec-2\/\" \/>\n<meta property=\"og:site_name\" content=\"C\u00e9l\u00e9brant mariage Qu\u00e9bec\" \/>\n<meta property=\"article:publisher\" content=\"https:\/\/www.facebook.com\/mariage.avotreimage?fref=ts\" \/>\n<meta property=\"article:modified_time\" content=\"2024-07-15T02:11:35+00:00\" \/>\n<meta property=\"og:image\" content=\"http:\/\/mariageavotreimage.com\/wp-content\/uploads\/2015\/06\/celebrant-mariage33-150x150.jpg\" \/>\n<meta name=\"twitter:card\" content=\"summary_large_image\" \/>\n<meta name=\"twitter:site\" content=\"@celebranmariage\" \/>\n<meta name=\"twitter:label1\" content=\"Estimation du temps de lecture\" \/>\n\t<meta name=\"twitter:data1\" content=\"1 minute\" \/>\n<script type=\"application\/ld+json\" class=\"yoast-schema-graph\">{\"@context\":\"https:\/\/schema.org\",\"@graph\":[{\"@type\":\"WebPage\",\"@id\":\"http:\/\/mariageavotreimage.com\/index.php\/celebrant-mariage-quebec-2\/\",\"url\":\"http:\/\/mariageavotreimage.com\/index.php\/celebrant-mariage-quebec-2\/\",\"name\":\"C\u00e9l\u00e9brant mariage qu\u00e9bec\",\"isPartOf\":{\"@id\":\"https:\/\/mariageavotreimage.com\/#website\"},\"primaryImageOfPage\":{\"@id\":\"http:\/\/mariageavotreimage.com\/index.php\/celebrant-mariage-quebec-2\/#primaryimage\"},\"image\":{\"@id\":\"http:\/\/mariageavotreimage.com\/index.php\/celebrant-mariage-quebec-2\/#primaryimage\"},\"thumbnailUrl\":\"http:\/\/mariageavotreimage.com\/wp-content\/uploads\/2015\/06\/celebrant-mariage33-150x150.jpg\",\"datePublished\":\"2015-10-11T21:55:54+00:00\",\"dateModified\":\"2024-07-15T02:11:35+00:00\",\"description\":\"418 932-6399 C\u00e9l\u00e9brant mariage qu\u00e9bec, c\u00e9l\u00e9brant mariage qu\u00e9bec, organiser un bapteme, mariage qu\u00e9bec, c\u00e9l\u00e9brant mariage civil, mariage civil c\u00e9l\u00e9brant\",\"breadcrumb\":{\"@id\":\"http:\/\/mariageavotreimage.com\/index.php\/celebrant-mariage-quebec-2\/#breadcrumb\"},\"inLanguage\":\"fr-CA\",\"potentialAction\":[{\"@type\":\"ReadAction\",\"target\":[\"http:\/\/mariageavotreimage.com\/index.php\/celebrant-mariage-quebec-2\/\"]}]},{\"@type\":\"ImageObject\",\"inLanguage\":\"fr-CA\",\"@id\":\"http:\/\/mariageavotreimage.com\/index.php\/celebrant-mariage-quebec-2\/#primaryimage\",\"url\":\"http:\/\/mariageavotreimage.com\/wp-content\/uploads\/2015\/06\/celebrant-mariage33.jpg\",\"contentUrl\":\"http:\/\/mariageavotreimage.com\/wp-content\/uploads\/2015\/06\/celebrant-mariage33.jpg\",\"width\":1500,\"height\":1000,\"caption\":\"mariage catholique\"},{\"@type\":\"BreadcrumbList\",\"@id\":\"http:\/\/mariageavotreimage.com\/index.php\/celebrant-mariage-quebec-2\/#breadcrumb\",\"itemListElement\":[{\"@type\":\"ListItem\",\"position\":1,\"name\":\"Home\",\"item\":\"https:\/\/mariageavotreimage.com\/\"},{\"@type\":\"ListItem\",\"position\":2,\"name\":\"C\u00e9l\u00e9brant mariage qu\u00e9bec\"}]},{\"@type\":\"WebSite\",\"@id\":\"https:\/\/mariageavotreimage.com\/#website\",\"url\":\"https:\/\/mariageavotreimage.com\/\",\"name\":\"C\u00e9l\u00e9brant mariage Qu\u00e9bec\",\"description\":\"C\u00e9l\u00e9brant mariage\",\"potentialAction\":[{\"@type\":\"SearchAction\",\"target\":{\"@type\":\"EntryPoint\",\"urlTemplate\":\"https:\/\/mariageavotreimage.com\/?s={search_term_string}\"},\"query-input\":\"required name=search_term_string\"}],\"inLanguage\":\"fr-CA\"}]}<\/script>\n<!-- \/ Yoast SEO plugin. -->","yoast_head_json":{"title":"C\u00e9l\u00e9brant mariage qu\u00e9bec","description":"418 932-6399 C\u00e9l\u00e9brant mariage qu\u00e9bec, c\u00e9l\u00e9brant mariage qu\u00e9bec, organiser un bapteme, mariage qu\u00e9bec, c\u00e9l\u00e9brant mariage civil, mariage civil c\u00e9l\u00e9brant","robots":{"index":"index","follow":"follow","max-snippet":"max-snippet:-1","max-image-preview":"max-image-preview:large","max-video-preview":"max-video-preview:-1"},"canonical":"http:\/\/mariageavotreimage.com\/index.php\/celebrant-mariage-quebec-2\/","og_locale":"fr_CA","og_type":"article","og_title":"C\u00e9l\u00e9brant mariage qu\u00e9bec","og_description":"418 932-6399 C\u00e9l\u00e9brant mariage qu\u00e9bec, c\u00e9l\u00e9brant mariage qu\u00e9bec, organiser un bapteme, mariage qu\u00e9bec, c\u00e9l\u00e9brant mariage civil, mariage civil c\u00e9l\u00e9brant","og_url":"http:\/\/mariageavotreimage.com\/index.php\/celebrant-mariage-quebec-2\/","og_site_name":"C\u00e9l\u00e9brant mariage Qu\u00e9bec","article_publisher":"https:\/\/www.facebook.com\/mariage.avotreimage?fref=ts","article_modified_time":"2024-07-15T02:11:35+00:00","og_image":[{"url":"http:\/\/mariageavotreimage.com\/wp-content\/uploads\/2015\/06\/celebrant-mariage33-150x150.jpg"}],"twitter_card":"summary_large_image","twitter_site":"@celebranmariage","twitter_misc":{"Estimation du temps de lecture":"1 minute"},"schema":{"@context":"https:\/\/schema.org","@graph":[{"@type":"WebPage","@id":"http:\/\/mariageavotreimage.com\/index.php\/celebrant-mariage-quebec-2\/","url":"http:\/\/mariageavotreimage.com\/index.php\/celebrant-mariage-quebec-2\/","name":"C\u00e9l\u00e9brant mariage qu\u00e9bec","isPartOf":{"@id":"https:\/\/mariageavotreimage.com\/#website"},"primaryImageOfPage":{"@id":"http:\/\/mariageavotreimage.com\/index.php\/celebrant-mariage-quebec-2\/#primaryimage"},"image":{"@id":"http:\/\/mariageavotreimage.com\/index.php\/celebrant-mariage-quebec-2\/#primaryimage"},"thumbnailUrl":"http:\/\/mariageavotreimage.com\/wp-content\/uploads\/2015\/06\/celebrant-mariage33-150x150.jpg","datePublished":"2015-10-11T21:55:54+00:00","dateModified":"2024-07-15T02:11:35+00:00","description":"418 932-6399 C\u00e9l\u00e9brant mariage qu\u00e9bec, c\u00e9l\u00e9brant mariage qu\u00e9bec, organiser un bapteme, mariage qu\u00e9bec, c\u00e9l\u00e9brant mariage civil, mariage civil c\u00e9l\u00e9brant","breadcrumb":{"@id":"http:\/\/mariageavotreimage.com\/index.php\/celebrant-mariage-quebec-2\/#breadcrumb"},"inLanguage":"fr-CA","potentialAction":[{"@type":"ReadAction","target":["http:\/\/mariageavotreimage.com\/index.php\/celebrant-mariage-quebec-2\/"]}]},{"@type":"ImageObject","inLanguage":"fr-CA","@id":"http:\/\/mariageavotreimage.com\/index.php\/celebrant-mariage-quebec-2\/#primaryimage","url":"http:\/\/mariageavotreimage.com\/wp-content\/uploads\/2015\/06\/celebrant-mariage33.jpg","contentUrl":"http:\/\/mariageavotreimage.com\/wp-content\/uploads\/2015\/06\/celebrant-mariage33.jpg","width":1500,"height":1000,"caption":"mariage catholique"},{"@type":"BreadcrumbList","@id":"http:\/\/mariageavotreimage.com\/index.php\/celebrant-mariage-quebec-2\/#breadcrumb","itemListElement":[{"@type":"ListItem","position":1,"name":"Home","item":"https:\/\/mariageavotreimage.com\/"},{"@type":"ListItem","position":2,"name":"C\u00e9l\u00e9brant mariage qu\u00e9bec"}]},{"@type":"WebSite","@id":"https:\/\/mariageavotreimage.com\/#website","url":"https:\/\/mariageavotreimage.com\/","name":"C\u00e9l\u00e9brant mariage Qu\u00e9bec","description":"C\u00e9l\u00e9brant mariage","potentialAction":[{"@type":"SearchAction","target":{"@type":"EntryPoint","urlTemplate":"https:\/\/mariageavotreimage.com\/?s={search_term_string}"},"query-input":"required name=search_term_string"}],"inLanguage":"fr-CA"}]}},"_links":{"self":[{"href":"http:\/\/mariageavotreimage.com\/index.php\/wp-json\/wp\/v2\/pages\/274"}],"collection":[{"href":"http:\/\/mariageavotreimage.com\/index.php\/wp-json\/wp\/v2\/pages"}],"about":[{"href":"http:\/\/mariageavotreimage.com\/index.php\/wp-json\/wp\/v2\/types\/page"}],"author":[{"embeddable":true,"href":"http:\/\/mariageavotreimage.com\/index.php\/wp-json\/wp\/v2\/users\/1"}],"replies":[{"embeddable":true,"href":"http:\/\/mariageavotreimage.com\/index.php\/wp-json\/wp\/v2\/comments?post=274"}],"version-history":[{"count":5,"href":"http:\/\/mariageavotreimage.com\/index.php\/wp-json\/wp\/v2\/pages\/274\/revisions"}],"predecessor-version":[{"id":279,"href":"http:\/\/mariageavotreimage.com\/index.php\/wp-json\/wp\/v2\/pages\/274\/revisions\/279"}],"wp:attachment":[{"href":"http:\/\/mariageavotreimage.com\/index.php\/wp-json\/wp\/v2\/media?parent=274"}],"curies":[{"name":"wp","href":"https:\/\/api.w.org\/{rel}","templated":true}]}}